{"id":1707,"date":"2024-01-16T10:54:13","date_gmt":"2024-01-16T10:54:13","guid":{"rendered":"http:\/\/www.simotelfoca.com\/?page_id=1707"},"modified":"2026-04-20T11:41:15","modified_gmt":"2026-04-20T11:41:15","slug":"surdurulebilirlik-turizm-politikamiz-ilk","status":"publish","type":"page","link":"http:\/\/www.simotelfoca.com\/index.php\/surdurulebilirlik-turizm-politikamiz-ilk\/","title":{"rendered":"S\u00fcrd\u00fcr\u00fclebilirlik"},"content":{"rendered":"\n<p><strong>B\u0130Z\u0130M S\u00d6Z\u00dcM\u00dcZ<\/strong><\/p>\n\n\n\n<p>S\u0130M OTEL olarak Yenifo\u00e7a\u2019n\u0131n miras\u0131n\u0131 korumaya ve b\u00f6lgemizde olumlu bir etki yaratmaya kararl\u0131y\u0131z. Bu felsefe \u00e7evresinde otelimizde uygulad\u0131\u011f\u0131m\u0131z s\u00fcrd\u00fcr\u00fclebilirlik giri\u015fimlerimizden baz\u0131lar\u0131n\u0131 sizlerle payla\u015fmaktan mutluluk duyuyoruz.<\/p>\n\n\n\n<p><strong>\u00c7EVRE PROGRAMLARI<\/strong><\/p>\n\n\n\n<ul>\n<li>Aksi talep edilmedi\u011fi s\u00fcrece nevresim ve havlular her iki g\u00fcnde bir de\u011fi\u015ftirilmektedir.<\/li>\n<\/ul>\n\n\n\n<p><strong>ENERJ\u0130, KARBON VE SU AZALTIMI<\/strong><\/p>\n\n\n\n<ul>\n<li>Su, elektrik ve kimyasal t\u00fcketimleri d\u00fczenli olarak izlenmekte ve gerekli iyile\u015ftirme aksiyonlar\u0131 al\u0131nmaktad\u0131r.<\/li>\n\n\n\n<li>Enerji tasarrufu amac\u0131yla genel alanlarda tasarruflu ampuller kullan\u0131ld\u0131.<\/li>\n\n\n\n<li>Klima ve buzdolab\u0131 gibi elektronik aletlerimizin d\u00fczenli bak\u0131mlar\u0131n\u0131 profesyonel ekiplerce takip ederiz.<\/li>\n<\/ul>\n\n\n\n<p><strong>ATIK AZALTIMI<\/strong><\/p>\n\n\n\n<ul>\n<li>At\u0131k ay\u0131rma program\u0131 y\u00fcr\u00fcrl\u00fckte.<\/li>\n\n\n\n<li>Gereksiz kimyasal kullan\u0131m\u0131n\u0131 \u00f6nlemek amac\u0131yla \u00e7al\u0131\u015fanlara periyodik olarak kimyasal kullan\u0131m\u0131 konusunda e\u011fitim verilmektedir.<\/li>\n\n\n\n<li>K\u00e2\u011f\u0131t geri d\u00f6n\u00fc\u015f\u00fcm\u00fc program\u0131 y\u00fcr\u00fcrl\u00fckte.<\/li>\n<\/ul>\n\n\n\n<p><strong>S\u00dcRD\u00dcR\u00dcLEB\u0130L\u0130R Y\u0130YECEK VE \u0130\u00c7ECEK<\/strong><\/p>\n\n\n\n<ul>\n<li>Yerel, s\u00fcrd\u00fcr\u00fclebilir ve mevsimlik men\u00fc \u00f6\u011feleri mevcuttur.<\/li>\n\n\n\n<li>Kafessiz yumurtalar.<\/li>\n\n\n\n<li>G\u0131da israf\u0131n\u0131 azaltma program\u0131 y\u00fcr\u00fcrl\u00fckte.<\/li>\n\n\n\n<li>Mutfak al\u0131\u015fveri\u015flerimizi her \u00c7ar\u015famba b\u00f6lgemizde kurulan pazardan ve bu pazara kat\u0131lan b\u00f6lgemizin yerel \u00fcreticilerinin \u00fcr\u00fcnlerinden alarak yapar\u0131z.<\/li>\n\n\n\n<li>&nbsp;\u00d6nceli\u011fimiz temiz i\u00e7erikli \u00fcr\u00fcnler ve yerel \u00fcreticimizi desteklemektir.<\/li>\n\n\n\n<li>Vegan\/vejeteryan kahvalt\u0131 se\u00e7ene\u011fimiz mevcuttur.<\/li>\n<\/ul>\n\n\n\n<p><strong>YEREL\u0130 DESTEKLEME<\/strong><\/p>\n\n\n\n<p>Yerel giri\u015fimcileri destekliyoruz. Otelimize gelen m\u00fc\u015fterilerimizi beldemizde bulunan kad\u0131nlar\u0131m\u0131z\u0131n el eme\u011fi \u00fcr\u00fcnlerini satt\u0131\u011f\u0131 sevgi pazar\u0131na y\u00f6nlendiriyoruz.<\/p>\n\n\n\n<p><strong>SATIN ALMA UYGULAMALARI<\/strong><\/p>\n\n\n\n<p>S\u00fcrd\u00fcr\u00fclebilirlik program\u0131na sahip tedarik\u00e7iler se\u00e7ilir.<\/p>\n\n\n\n<p>Kom\u015fular\u0131m\u0131zdan tedarik\u00e7iler, k\u00fc\u00e7\u00fck i\u015fletmeleri ve yerel toplumu desteklemek i\u00e7in se\u00e7ilmektedir.<\/p>\n\n\n\n<p>Temizlik malzemelerimizde de geri d\u00f6n\u00fc\u015ft\u00fcr\u00fclebilir malzemeler ve eco-friendly \u00fcr\u00fcnler tercih etmek \u00f6nceli\u011fimizdir.<\/p>\n\n\n\n<p><strong>B\u0130YOLOJ\u0130K \u00c7E\u015e\u0130TL\u0130L\u0130K<\/strong><\/p>\n\n\n\n<p>Fo\u00e7a, T\u00fcrkiye\u2019nin \u00f6nemli do\u011fal ve tarihsel sit alanlar\u0131n\u0131 i\u00e7eren \u00d6zel \u00c7evre Koruma B\u00f6lgesi nitelikli bir il\u00e7edir.<\/p>\n\n\n\n<p>Yap\u0131lan ara\u015ft\u0131rmalar sonucu alandaki en bask\u0131n habitat maki ve friganadan olu\u015fmaktad\u0131r. \u00dcveyik s\u0131n\u0131f\u0131ndan toplam on bir t\u00fcr kaydedilmi\u015f, en yo\u011fun pop\u00fcl\u00e2syona sahip olan t\u00fcr ise yaban domuzu olarak kaydedilmi\u015ftir.<\/p>\n\n\n\n<p>Ayr\u0131ca Fo\u00e7a \u00d6zel \u00c7evre Koruma B\u00f6lgesi ve yak\u0131n \u00e7evresinde on alt\u0131 familyaya ait otuz \u00fc\u00e7 ku\u015f t\u00fcr\u00fc saptanm\u0131\u015ft\u0131r.<\/p>\n\n\n\n<p>Bizlere d\u00fc\u015fen g\u00f6rev bu zengin \u00e7e\u015fitlili\u011fe sahip co\u011frafyam\u0131z\u0131 korumak ve gelecek nesillere en do\u011fal haliyle b\u0131rakabilmektir.<\/p>\n\n\n\n<p>Gediz Deltas\u0131; \u00c7i\u011fli, Menemen, Fo\u00e7a ve Kar\u015f\u0131yaka il\u00e7e s\u0131n\u0131rlar\u0131ndad\u0131r. Alanda 300 ku\u015f t\u00fcr\u00fc ve 61 familyadan 316 bitki t\u00fcr\u00fc tespit edilmi\u015ftir. Alan Flamingo ve Tepeli Pelikan\u0131n \u00f6nemli \u00fcreme alanlar\u0131ndan biridir.<\/p>\n\n\n\n<p>Gediz Deltas\u0131 \u00d6zellikli Yaban Hayvan\u0131 Alan\u0131 olarak belirtilmi\u015ftir.<\/p>\n\n\n\n<figure class=\"wp-block-table is-style-regular\"><table class=\"has-white-background-color has-background has-fixed-layout\"><tbody><tr><td>Flamingo:&nbsp;<br><img decoding=\"async\" loading=\"lazy\" width=\"268\" height=\"352\" class=\"wp-image-1708\" style=\"width: 150px;\" src=\"http:\/\/www.simotelfoca.com\/wp-content\/uploads\/2024\/01\/Picture1.jpg\" alt=\"\" srcset=\"http:\/\/www.simotelfoca.com\/wp-content\/uploads\/2024\/01\/Picture1.jpg 268w, http:\/\/www.simotelfoca.com\/wp-content\/uploads\/2024\/01\/Picture1-228x300.jpg 228w\" sizes=\"(max-width: 268px) 100vw, 268px\" \/><\/td><td>Tepeli Pelikan:<br><img decoding=\"async\" loading=\"lazy\" width=\"614\" height=\"813\" class=\"wp-image-1715\" style=\"width: 150px;\" src=\"http:\/\/www.simotelfoca.com\/wp-content\/uploads\/2024\/01\/Picture2.jpg\" alt=\"\" srcset=\"http:\/\/www.simotelfoca.com\/wp-content\/uploads\/2024\/01\/Picture2.jpg 614w, http:\/\/www.simotelfoca.com\/wp-content\/uploads\/2024\/01\/Picture2-227x300.jpg 227w\" sizes=\"(max-width: 614px) 100vw, 614px\" \/><\/td><\/tr><tr><td>Akdeniz Foku:&nbsp;<br>D\u00fcnya \u00fczerinde yakla\u015f\u0131k 400 adet kald\u0131\u011f\u0131 tespit edilen t\u00fcr.&nbsp;<br><img decoding=\"async\" loading=\"lazy\" width=\"276\" height=\"370\" class=\"wp-image-1714\" style=\"width: 150px;\" src=\"http:\/\/www.simotelfoca.com\/wp-content\/uploads\/2024\/01\/Picture3.jpg\" alt=\"\" srcset=\"http:\/\/www.simotelfoca.com\/wp-content\/uploads\/2024\/01\/Picture3.jpg 276w, http:\/\/www.simotelfoca.com\/wp-content\/uploads\/2024\/01\/Picture3-224x300.jpg 224w\" sizes=\"(max-width: 276px) 100vw, 276px\" \/><\/td><td>Yaban Domuzu:<br><img decoding=\"async\" loading=\"lazy\" width=\"295\" height=\"362\" class=\"wp-image-1713\" style=\"width: 150px;\" src=\"http:\/\/www.simotelfoca.com\/wp-content\/uploads\/2024\/01\/Picture4.jpg\" alt=\"\" srcset=\"http:\/\/www.simotelfoca.com\/wp-content\/uploads\/2024\/01\/Picture4.jpg 295w, http:\/\/www.simotelfoca.com\/wp-content\/uploads\/2024\/01\/Picture4-244x300.jpg 244w\" sizes=\"(max-width: 295px) 100vw, 295px\" \/><\/td><\/tr><\/tbody><\/table><\/figure>\n\n\n\n<figure class=\"wp-block-table is-style-regular\"><table class=\"has-fixed-layout\"><tbody><tr><td>LAVANTANIN ATASI: KARABA\u015e OTU<br><img decoding=\"async\" loading=\"lazy\" width=\"272\" height=\"408\" class=\"wp-image-1712\" style=\"width: 150px;\" src=\"http:\/\/www.simotelfoca.com\/wp-content\/uploads\/2024\/01\/Picture5.jpg\" alt=\"\" srcset=\"http:\/\/www.simotelfoca.com\/wp-content\/uploads\/2024\/01\/Picture5.jpg 272w, http:\/\/www.simotelfoca.com\/wp-content\/uploads\/2024\/01\/Picture5-200x300.jpg 200w\" sizes=\"(max-width: 272px) 100vw, 272px\" \/><\/td><td>HAYIT B\u0130TK\u0130S\u0130<br><img decoding=\"async\" loading=\"lazy\" width=\"269\" height=\"410\" class=\"wp-image-1711\" style=\"width: 150px;\" src=\"http:\/\/www.simotelfoca.com\/wp-content\/uploads\/2024\/01\/Picture6.jpg\" alt=\"\" srcset=\"http:\/\/www.simotelfoca.com\/wp-content\/uploads\/2024\/01\/Picture6.jpg 269w, http:\/\/www.simotelfoca.com\/wp-content\/uploads\/2024\/01\/Picture6-197x300.jpg 197w\" sizes=\"(max-width: 269px) 100vw, 269px\" \/><\/td><\/tr><tr><td>FO\u00c7A KARASI \u00dcZ\u00dcM\u00dc<br><img decoding=\"async\" loading=\"lazy\" width=\"272\" height=\"438\" class=\"wp-image-1710\" style=\"width: 150px;\" src=\"http:\/\/www.simotelfoca.com\/wp-content\/uploads\/2024\/01\/Picture7.jpg\" alt=\"\" srcset=\"http:\/\/www.simotelfoca.com\/wp-content\/uploads\/2024\/01\/Picture7.jpg 272w, http:\/\/www.simotelfoca.com\/wp-content\/uploads\/2024\/01\/Picture7-186x300.jpg 186w\" sizes=\"(max-width: 272px) 100vw, 272px\" \/><\/td><td>P\u00dcREN B\u0130TK\u0130S\u0130<br>Piren, p\u00fcren, yabani funda ve s\u00fcp\u00fcrge \u00e7i\u00e7e\u011fi, s\u00fcp\u00fcrge \u00e7al\u0131s\u0131 olarak da bilinmektedir. Dikine uzayan p\u00fcren bitkisi d\u00f6rt metreye kadar y\u00fckselebilmektedir. K\u00f6k, sap, yaprak, \u00e7i\u00e7ek ve tohum yap\u0131s\u0131yla \u00e7al\u0131 formunda, odunsu bir bitkidir. Kokusu, aromas\u0131 olduk\u00e7a yo\u011fun ve bask\u0131nd\u0131r.<br><img decoding=\"async\" loading=\"lazy\" width=\"272\" height=\"404\" class=\"wp-image-1716\" style=\"width: 150px;\" src=\"http:\/\/www.simotelfoca.com\/wp-content\/uploads\/2024\/01\/Picture8.jpg\" alt=\"\" srcset=\"http:\/\/www.simotelfoca.com\/wp-content\/uploads\/2024\/01\/Picture8.jpg 272w, http:\/\/www.simotelfoca.com\/wp-content\/uploads\/2024\/01\/Picture8-202x300.jpg 202w\" sizes=\"(max-width: 272px) 100vw, 272px\" \/><\/td><\/tr><\/tbody><\/table><\/figure>\n\n\n\n<p><strong>K\u00dcLT\u00dcREL M\u0130RASLAR<\/strong><\/p>\n\n\n\n<ol type=\"1\" start=\"1\">\n<li>Antik Tiyatro: Fo\u00e7a&#8217;da antik d\u00f6nemden kalma bir tiyatro bulunmaktad\u0131r. Bu tiyatro, Helenistik d\u00f6neme aittir ve tarihi dokuyu koruyarak g\u00fcn\u00fcm\u00fcze ula\u015fm\u0131\u015ft\u0131r.<\/li>\n\n\n\n<li>Antik Liman ve Kale: Fo\u00e7a, antik d\u00f6nemde \u00f6nemli bir limana sahipti. Antik d\u00f6neme ait kal\u0131nt\u0131lar ve surlar, bu tarihi liman\u0131n izlerini g\u00fcn\u00fcm\u00fcze ta\u015f\u0131maktad\u0131r.<\/li>\n\n\n\n<li>Fatih Camii: 1388 y\u0131l\u0131nda yap\u0131lan bu cami, Osmanl\u0131 d\u00f6nemine aittir. \u0130stanbul&#8217;un fethinden sonra Fo\u00e7a&#8217;ya gelerek bu camiyi yapt\u0131rd\u0131\u011f\u0131 d\u00fc\u015f\u00fcn\u00fclen II. Bayezid&#8217;in ad\u0131n\u0131 ta\u015f\u0131r.<\/li>\n\n\n\n<li>Fo\u00e7a M\u00fczesi: Fo\u00e7a M\u00fczesi, antik d\u00f6nemden g\u00fcn\u00fcm\u00fcze kadar olan d\u00f6nemlere ait arkeolojik eserleri sergileyen bir m\u00fczedir. M\u00fcze, Fo\u00e7a&#8217;n\u0131n tarihini ve k\u00fclt\u00fcr\u00fcn\u00fc tan\u0131mak isteyen ziyaret\u00e7iler i\u00e7in \u00f6nemli bir kaynakt\u0131r.<\/li>\n\n\n\n<li>Kur\u015funlu Manast\u0131r\u0131: Fo\u00e7a&#8217;ya ba\u011fl\u0131 Yenifo\u00e7a&#8217;da bulunan bu manast\u0131r, Orta \u00c7a\u011f&#8217;dan kalma \u00f6nemli bir dini yap\u0131d\u0131r. Manast\u0131r\u0131n tarihi ve mimarisi, ziyaret\u00e7ilere ilgin\u00e7 bir deneyim sunar.<\/li>\n\n\n\n<li>R\u00fczg\u00e2r G\u00fcl\u00fc: Fo\u00e7a&#8217;n\u0131n sembol\u00fc haline gelen bu ta\u015f yap\u0131, denizcilerin y\u00f6n tespiti i\u00e7in kullan\u0131lm\u0131\u015ft\u0131r. Tarihi dokusu ve manzaras\u0131yla dikkat \u00e7eker.<\/li>\n\n\n\n<li>Sirenler Adas\u0131 (Perili Ada): Efsanelere konu olan bu ada, mitolojideki sirenlerin ya\u015fad\u0131\u011f\u0131 yer olarak bilinir. Ada, mitolojik ve tarihi bir atmosfer sunar.<\/li>\n\n\n\n<li>Fo\u00e7a&#8217;n\u0131n Ta\u015f Evleri: Fo\u00e7a, tarihi ve do\u011fal g\u00fczellikleriyle \u00fcnl\u00fcd\u00fcr. Liman \u00e7evresindeki dar sokaklarda yer alan geleneksel ta\u015f evler, b\u00f6lgenin karakteristik mimarisini yans\u0131t\u0131r.<\/li>\n<\/ol>\n\n\n\n<p>Bu k\u00fclt\u00fcrel miraslar, Fo\u00e7a&#8217;n\u0131n tarihini ve zengin k\u00fclt\u00fcr\u00fcn\u00fc yans\u0131tan \u00f6nemli \u00f6\u011felerdir. Ziyaret\u00e7iler, bu miraslar\u0131 ke\u015ffederek Fo\u00e7a&#8217;n\u0131n benzersiz atmosferini deneyimleyebilirler.<\/p>\n\n\n\n<p><strong>ZANAAT<\/strong><\/p>\n\n\n\n<ol type=\"1\" start=\"1\">\n<li>Seramik ve \u00c7ini \u0130\u015f\u00e7ili\u011fi: Fo\u00e7a&#8217;da seramik ve \u00e7ini i\u015f\u00e7ili\u011fi geleneksel bir zanaat dal\u0131d\u0131r. Bu alan, el yap\u0131m\u0131 seramik e\u015fyalar, \u00e7ini tabaklar ve s\u00fcs e\u015fyalar\u0131 \u00fcreten at\u00f6lyeleri i\u00e7erir. \u00d6zellikle geleneksel desenler ve renklerle s\u00fcslenen \u00fcr\u00fcnler, turistler ve yerel halk aras\u0131nda pop\u00fclerdir.<\/li>\n\n\n\n<li>Ta\u015f \u0130\u015f\u00e7ili\u011fi: Fo\u00e7a&#8217;n\u0131n tarihi dokusunda s\u0131k\u00e7a g\u00f6rd\u00fc\u011f\u00fcm\u00fcz ta\u015f evler ve yap\u0131lar, b\u00f6lgedeki ta\u015f i\u015f\u00e7ili\u011finin bir \u00f6rne\u011fidir. Bu gelenek, ta\u015f oyma ve i\u015fleme becerilerini i\u00e7erir. Ta\u015ftan yap\u0131lm\u0131\u015f heykeller, s\u00fcslemeler ve mimari detaylar, Fo\u00e7a&#8217;n\u0131n sokaklar\u0131nda ve tarih\u00ee yap\u0131lar\u0131nda g\u00f6rmek m\u00fcmk\u00fcnd\u00fcr.<\/li>\n\n\n\n<li>Denizcilikle \u0130lgili El \u0130\u015f\u00e7ilikleri: Fo\u00e7a&#8217;n\u0131n denizle i\u00e7 i\u00e7e bir ya\u015fam tarz\u0131na sahip olmas\u0131, denizcilikle ilgili el i\u015f\u00e7iliklerini de beraberinde getirir. \u00d6rne\u011fin, ah\u015fap teknelerin bak\u0131m\u0131 ve dekoratif denizcilik temal\u0131 objeler \u00fcreten at\u00f6lyeler bu alanda faaliyet g\u00f6sterir.<\/li>\n\n\n\n<li>Dokuma ve Hal\u0131 Kilim \u0130\u015f\u00e7ili\u011fi: Geleneksel dokuma sanat\u0131, Fo\u00e7a&#8217;da da yayg\u0131nd\u0131r. El dokumas\u0131 kilimler, hal\u0131lar ve di\u011fer tekstil \u00fcr\u00fcnleri, b\u00f6lgedeki zanaatkarlar taraf\u0131ndan \u00fcretilir. Geleneksel desenler ve renklerle s\u00fcslenmi\u015f olan bu \u00fcr\u00fcnler, hem yerel halk hem de ziyaret\u00e7iler aras\u0131nda ilgi g\u00f6r\u00fcr.<\/li>\n\n\n\n<li>Deniz Kabuklar\u0131 ve Deniz Ta\u015f\u0131 \u0130\u015fleme: Fo\u00e7a&#8217;n\u0131n sahil \u015feridi, \u00e7e\u015fitli deniz kabuklar\u0131 ve ta\u015flarla doludur. Yerel zanaatk\u00e2rlar, bu do\u011fal malzemeleri kullanarak tak\u0131lar, s\u00fcs e\u015fyalar\u0131 ve dekoratif objeler yaparlar.<\/li>\n<\/ol>\n\n\n\n<p>Bu zanaat gelenekleri, Fo\u00e7a&#8217;n\u0131n k\u00fclt\u00fcrel dokusunu ve yerel ekonomisini g\u00fc\u00e7lendiren unsurlard\u0131r. Bu zanaatk\u00e2rlar genellikle kendi at\u00f6lyelerinde \u00fcretim yaparlar ve \u00fcr\u00fcnlerini yerel pazarlarda, ma\u011fazalarda veya turistlere y\u00f6nelik sat\u0131\u015f noktalar\u0131nda sunarlar.<\/p>\n\n\n\n<p><strong>PAZAR ALANLARI<\/strong><\/p>\n\n\n\n<ol type=\"1\" start=\"1\">\n<li>Fo\u00e7a Pazar\u0131: Fo\u00e7a merkezinde genellikle haftan\u0131n belirli g\u00fcnlerinde kurulan a\u00e7\u0131k hava pazar\u0131nda, yerel \u00fcreticiler sebze, meyve, bal\u0131k, ve di\u011fer \u00fcr\u00fcnleri satmaktad\u0131r. Pazar, taze ve organik \u00fcr\u00fcnleriyle bilinir.<\/li>\n\n\n\n<li>Yenifo\u00e7a Pazar\u0131: Yenifo\u00e7a beldesinde d\u00fczenlenen pazar da \u00e7e\u015fitli \u00fcr\u00fcnlerin sat\u0131ld\u0131\u011f\u0131 bir di\u011fer \u00f6nemli pazard\u0131r.<\/li>\n<\/ol>\n\n\n\n<p><strong>FEST\u0130VALLER<\/strong><\/p>\n\n\n\n<ol type=\"1\" start=\"1\">\n<li>Fo\u00e7a K\u00fclt\u00fcr ve Sanat Festivali: Her y\u0131l d\u00fczenlenen bu festival, m\u00fczik, tiyatro, sergiler ve \u00e7e\u015fitli sanatsal etkinlikleri i\u00e7erir. Yerel sanat\u00e7\u0131lar ve ulusal d\u00fczeyde tan\u0131nan isimlerin kat\u0131l\u0131m\u0131yla ger\u00e7ekle\u015fir.<\/li>\n\n\n\n<li>Fo\u00e7a Uluslararas\u0131 K\u0131sa Film Festivali: Film severleri bir araya getiren bu festivalde, k\u0131sa filmler yar\u0131\u015f\u0131r ve \u00e7e\u015fitli film g\u00f6sterimleri d\u00fczenlenir.<\/li>\n\n\n\n<li>Deniz K\u00f6y Film Festivali: Fo\u00e7a&#8217;ya ba\u011fl\u0131 Denizk\u00f6y&#8217;de d\u00fczenlenen bu festival, genellikle yaz aylar\u0131nda ger\u00e7ekle\u015fir ve \u00e7e\u015fitli film g\u00f6sterimleri, at\u00f6lyeler ve etkinliklere ev sahipli\u011fi yapar.<\/li>\n\n\n\n<li>Fo\u00e7a M\u00fczik Festivali: M\u00fczikseverler i\u00e7in d\u00fczenlenen bu festivalde, farkl\u0131 m\u00fczik t\u00fcrlerinden sanat\u00e7\u0131lar konserler verir.<\/li>\n\n\n\n<li>Denizcilik Festivali: Fo\u00e7a&#8217;n\u0131n denizle i\u00e7 i\u00e7e bir ya\u015fam tarz\u0131na at\u0131fta bulunan bu festivalde, denizcilikle ilgili etkinlikler, yar\u0131\u015fmalar ve g\u00f6steriler d\u00fczenlenir.<\/li>\n<\/ol>\n\n\n\n<p><strong>C\u0130TTASLOW \u00dcYES\u0130: FO\u00c7A<\/strong><\/p>\n\n\n\n<p>\u00c7e\u015fitli kentlerin daha sakin, s\u00fcrd\u00fcr\u00fclebilir ve ya\u015fanabilir bir ortam olu\u015fturmay\u0131 ama\u00e7layan Cittaslow, yani &#8220;Sakin \u015eehir&#8221; hareketi, 1999 y\u0131l\u0131nda \u0130talya&#8217;n\u0131n Orvieto \u015fehrinde ba\u015flam\u0131\u015f bir kentsel ya\u015fam felsefesidir. Cittaslow&#8217;un temel felsefesi, \u015fehirleri insan odakl\u0131, do\u011fa dostu ve k\u00fclt\u00fcr\u00fcne sayg\u0131l\u0131 bir \u015fekilde geli\u015ftirmektir. \u0130\u015fte Cittaslow felsefesinin temel \u00f6zellikleri:<\/p>\n\n\n\n<ol type=\"1\" start=\"1\">\n<li>Yava\u015fl\u0131k (Slow Living): Cittaslow, h\u0131zl\u0131 ya\u015fam temposuna kar\u015f\u0131 bir duru\u015f sergiler. Hareket, insanlar\u0131n daha yava\u015f tempoda ya\u015famas\u0131n\u0131, \u00e7evresini daha yak\u0131ndan deneyimlemesini ve ya\u015fam kalitesini art\u0131rmas\u0131n\u0131 hedefler.<\/li>\n\n\n\n<li>S\u00fcrd\u00fcr\u00fclebilirlik: Cittaslow, \u00e7evresel s\u00fcrd\u00fcr\u00fclebilirli\u011fi vurgular. Do\u011fal kaynaklar\u0131 koruma, at\u0131klar\u0131 azaltma ve \u00e7evreye sayg\u0131l\u0131 uygulamalar\u0131 te\u015fvik eder.<\/li>\n\n\n\n<li>Toplumsal Ba\u011flar ve K\u00fclt\u00fcr: Cittaslow, topluluk ba\u011flar\u0131n\u0131 g\u00fc\u00e7lendirmeyi ve yerel k\u00fclt\u00fcr\u00fc korumay\u0131 ama\u00e7lar. Yerel geleneklere sayg\u0131 g\u00f6sterir ve bu de\u011ferleri koruyarak \u015fehirlerin kimliklerini s\u00fcrd\u00fcrmeyi hedefler.<\/li>\n\n\n\n<li>Yerel G\u0131da ve Zanaatlar: Hareket, yerel tar\u0131m \u00fcr\u00fcnlerinin ve el sanatlar\u0131n\u0131n desteklenmesini \u00f6nemser. Yerel \u00fcretim, t\u00fcketici ile \u00fcretici aras\u0131ndaki ba\u011flar\u0131 g\u00fc\u00e7lendirmeyi ama\u00e7lar.<\/li>\n\n\n\n<li>Sa\u011fl\u0131kl\u0131 ve G\u00fcvenli Alanlar: Cittaslow, \u015fehir planlamas\u0131nda insan sa\u011fl\u0131\u011f\u0131n\u0131 ve g\u00fcvenli\u011fi \u00f6n planda tutar. Yaya dostu alanlar, ye\u015fil alanlar ve sakin sokaklar gibi unsurlar\u0131n vurgulanmas\u0131n\u0131 savunur.<\/li>\n\n\n\n<li>Yerel Y\u00f6netim Kat\u0131l\u0131m\u0131: Cittaslow, yerel halk\u0131n karar s\u00fcre\u00e7lerine kat\u0131l\u0131m\u0131n\u0131 te\u015fvik eder. \u015eehir y\u00f6netimine kat\u0131l\u0131m, \u015fehir sakinlerinin ihtiya\u00e7lar\u0131na daha iyi yan\u0131t verilmesini sa\u011flar.<\/li>\n<\/ol>\n\n\n\n<p>Bu unsurlar, Cittaslow&#8217;un \u015fehirleri daha ya\u015fanabilir, s\u00fcrd\u00fcr\u00fclebilir ve insan odakl\u0131 hale getirme amac\u0131n\u0131 yans\u0131tan temel prensiplerdir. Her Cittaslow \u00fcyesi \u015fehir, bu prensipleri kendi k\u00fclt\u00fcr\u00fc ve \u00f6zellikleriyle birle\u015ftirerek uygular.<\/p>\n\n\n\n<p><strong>GENEL DAVRANI\u015e KURALLARI<\/strong><\/p>\n\n\n\n<p>\u00c7\u00f6plerinizi belirlenen geri d\u00f6n\u00fc\u015f\u00fcm noktalar\u0131na atarak \u00e7evremizi temiz tutabilirsiniz.<br>Do\u011fa y\u00fcr\u00fcy\u00fc\u015flerinizde belirlenen patikalarda kalarak ekosistemin korunmas\u0131na destek olabilirsiniz.<br>Sessiz ve huzurlu bir ortam\u0131n s\u00fcrd\u00fcr\u00fclmesi i\u00e7in l\u00fctfen \u00e7evrenizdeki di\u011fer misafirlere sayg\u0131l\u0131 olun.<br>\u00c7evreyi kirletmemeye, ate\u015f yakmamaya ve do\u011fal ya\u015fama zarar vermemeye \u00f6zen g\u00f6stermenizi rica ederiz.<br>Cami ziyaretlerinizde sayg\u0131l\u0131 bir giyim tarz\u0131 benimseyerek k\u00fclt\u00fcrel de\u011ferlere katk\u0131da bulunabilirsiniz.<br>Camiye girerken ayakkab\u0131lar\u0131n\u0131z\u0131 belirlenen alanlara b\u0131rakman\u0131z\u0131 hat\u0131rlatmak isteriz.<br>Dua saatlerinde sessizli\u011fin korunmas\u0131na \u00f6zen g\u00f6stererek huzurlu bir atmosferin s\u00fcrd\u00fcr\u00fclmesine destek olabilirsiniz.<br>B\u00f6lgenin do\u011fal ve k\u00fclt\u00fcrel g\u00fczellikleri hakk\u0131nda detayl\u0131 bilgi almak i\u00e7in rehberlik hizmetimizden yararlanabilirsiniz.<br>Fo\u00e7a\u2019y\u0131 daha yak\u0131ndan ke\u015ffetmek i\u00e7in dijital platformlar\u0131m\u0131z\u0131 ve \u00f6nerdi\u011fimiz mobil uygulamalar\u0131 kullanabilirsiniz.<\/p>\n\n\n\n<div class=\"wp-block-algori-pdf-viewer-block-algori-pdf-viewer\"><iframe class=\"wp-block-algori-pdf-viewer-block-algori-pdf-viewer-iframe\" src=\"http:\/\/www.simotelfoca.com\/wp-content\/plugins\/algori-pdf-viewer\/dist\/web\/viewer.html?file=http%3A%2F%2Fwww.simotelfoca.com%2Fwp-content%2Fuploads%2F2025%2F04%2FSYS.POL_.07-Surdurulebilirlik-Politikasi-2025-Yeni.pdf\" style=\"width:900px;height:1245px\"><\/iframe><\/div>\n","protected":false},"excerpt":{"rendered":"<p>B\u0130Z\u0130M S\u00d6Z\u00dcM\u00dcZ S\u0130M OTEL olarak Yenifo\u00e7a\u2019n\u0131n miras\u0131n\u0131 korumaya ve b\u00f6lgemizde olumlu bir etki yaratmaya kararl\u0131y\u0131z. Bu felsefe \u00e7evresinde otelimizde uygulad\u0131\u011f\u0131m\u0131z s\u00fcrd\u00fcr\u00fclebilirlik giri\u015fimlerimizden baz\u0131lar\u0131n\u0131 sizlerle payla\u015fmaktan mutluluk duyuyoruz. \u00c7EVRE PROGRAMLARI ENERJ\u0130, KARBON VE SU AZALTIMI ATIK AZALTIMI S\u00dcRD\u00dcR\u00dcLEB\u0130L\u0130R Y\u0130YECEK VE \u0130\u00c7ECEK YEREL\u0130 DESTEKLEME Yerel giri\u015fimcileri destekliyoruz. Otelimize gelen m\u00fc\u015fterilerimizi beldemizde bulunan kad\u0131nlar\u0131m\u0131z\u0131n el eme\u011fi \u00fcr\u00fcnlerini satt\u0131\u011f\u0131 [&hellip;]<\/p>\n","protected":false},"author":1,"featured_media":0,"parent":0,"menu_order":0,"comment_status":"closed","ping_status":"closed","template":"","meta":[],"acf":[],"yoast_head":"<!-- This site is optimized with the Yoast SEO plugin v21.0 - https:\/\/yoast.com\/wordpress\/plugins\/seo\/ -->\n<title>S\u00fcrd\u00fcr\u00fclebilirlik - SIM OTEL<\/title>\n<meta name=\"robots\" content=\"index, follow, max-snippet:-1, max-image-preview:large, max-video-preview:-1\" \/>\n<link rel=\"canonical\" href=\"http:\/\/www.simotelfoca.com\/index.php\/surdurulebilirlik-turizm-politikamiz-ilk\/\" \/>\n<meta property=\"og:locale\" content=\"tr_TR\" \/>\n<meta property=\"og:type\" content=\"article\" \/>\n<meta property=\"og:title\" content=\"S\u00fcrd\u00fcr\u00fclebilirlik - SIM OTEL\" \/>\n<meta property=\"og:description\" content=\"B\u0130Z\u0130M S\u00d6Z\u00dcM\u00dcZ S\u0130M OTEL olarak Yenifo\u00e7a\u2019n\u0131n miras\u0131n\u0131 korumaya ve b\u00f6lgemizde olumlu bir etki yaratmaya kararl\u0131y\u0131z. Bu felsefe \u00e7evresinde otelimizde uygulad\u0131\u011f\u0131m\u0131z s\u00fcrd\u00fcr\u00fclebilirlik giri\u015fimlerimizden baz\u0131lar\u0131n\u0131 sizlerle payla\u015fmaktan mutluluk duyuyoruz. \u00c7EVRE PROGRAMLARI ENERJ\u0130, KARBON VE SU AZALTIMI ATIK AZALTIMI S\u00dcRD\u00dcR\u00dcLEB\u0130L\u0130R Y\u0130YECEK VE \u0130\u00c7ECEK YEREL\u0130 DESTEKLEME Yerel giri\u015fimcileri destekliyoruz. Otelimize gelen m\u00fc\u015fterilerimizi beldemizde bulunan kad\u0131nlar\u0131m\u0131z\u0131n el eme\u011fi \u00fcr\u00fcnlerini satt\u0131\u011f\u0131 [&hellip;]\" \/>\n<meta property=\"og:url\" content=\"http:\/\/www.simotelfoca.com\/index.php\/surdurulebilirlik-turizm-politikamiz-ilk\/\" \/>\n<meta property=\"og:site_name\" content=\"SIM OTEL\" \/>\n<meta property=\"article:modified_time\" content=\"2026-04-20T11:41:15+00:00\" \/>\n<meta property=\"og:image\" content=\"http:\/\/www.simotelfoca.com\/wp-content\/uploads\/2024\/01\/Picture1.jpg\" \/>\n<meta name=\"twitter:card\" content=\"summary_large_image\" \/>\n<meta name=\"twitter:label1\" content=\"Tahmini okuma s\u00fcresi\" \/>\n\t<meta name=\"twitter:data1\" content=\"10 dakika\" \/>\n<script type=\"application\/ld+json\" class=\"yoast-schema-graph\">{\"@context\":\"https:\/\/schema.org\",\"@graph\":[{\"@type\":\"WebPage\",\"@id\":\"http:\/\/www.simotelfoca.com\/index.php\/surdurulebilirlik-turizm-politikamiz-ilk\/\",\"url\":\"http:\/\/www.simotelfoca.com\/index.php\/surdurulebilirlik-turizm-politikamiz-ilk\/\",\"name\":\"S\u00fcrd\u00fcr\u00fclebilirlik - SIM OTEL\",\"isPartOf\":{\"@id\":\"http:\/\/www.simotelfoca.com\/#website\"},\"datePublished\":\"2024-01-16T10:54:13+00:00\",\"dateModified\":\"2026-04-20T11:41:15+00:00\",\"breadcrumb\":{\"@id\":\"http:\/\/www.simotelfoca.com\/index.php\/surdurulebilirlik-turizm-politikamiz-ilk\/#breadcrumb\"},\"inLanguage\":\"tr\",\"potentialAction\":[{\"@type\":\"ReadAction\",\"target\":[\"http:\/\/www.simotelfoca.com\/index.php\/surdurulebilirlik-turizm-politikamiz-ilk\/\"]}]},{\"@type\":\"BreadcrumbList\",\"@id\":\"http:\/\/www.simotelfoca.com\/index.php\/surdurulebilirlik-turizm-politikamiz-ilk\/#breadcrumb\",\"itemListElement\":[{\"@type\":\"ListItem\",\"position\":1,\"name\":\"Anasayfa\",\"item\":\"http:\/\/www.simotelfoca.com\/\"},{\"@type\":\"ListItem\",\"position\":2,\"name\":\"S\u00fcrd\u00fcr\u00fclebilirlik\"}]},{\"@type\":\"WebSite\",\"@id\":\"http:\/\/www.simotelfoca.com\/#website\",\"url\":\"http:\/\/www.simotelfoca.com\/\",\"name\":\"SIM BUT\u0130K OTEL\",\"description\":\"SIM Otel Foca\",\"publisher\":{\"@id\":\"http:\/\/www.simotelfoca.com\/#organization\"},\"potentialAction\":[{\"@type\":\"SearchAction\",\"target\":{\"@type\":\"EntryPoint\",\"urlTemplate\":\"http:\/\/www.simotelfoca.com\/?s={search_term_string}\"},\"query-input\":\"required name=search_term_string\"}],\"inLanguage\":\"tr\"},{\"@type\":\"Organization\",\"@id\":\"http:\/\/www.simotelfoca.com\/#organization\",\"name\":\"SIM BUT\u0130K OTEL\",\"url\":\"http:\/\/www.simotelfoca.com\/\",\"logo\":{\"@type\":\"ImageObject\",\"inLanguage\":\"tr\",\"@id\":\"http:\/\/www.simotelfoca.com\/#\/schema\/logo\/image\/\",\"url\":\"http:\/\/www.simotelfoca.com\/wp-content\/uploads\/2023\/01\/cropped-sim_butikotel_logo-01.png\",\"contentUrl\":\"http:\/\/www.simotelfoca.com\/wp-content\/uploads\/2023\/01\/cropped-sim_butikotel_logo-01.png\",\"width\":512,\"height\":512,\"caption\":\"SIM BUT\u0130K OTEL\"},\"image\":{\"@id\":\"http:\/\/www.simotelfoca.com\/#\/schema\/logo\/image\/\"}}]}<\/script>\n<!-- \/ Yoast SEO plugin. -->","yoast_head_json":{"title":"S\u00fcrd\u00fcr\u00fclebilirlik - SIM OTEL","robots":{"index":"index","follow":"follow","max-snippet":"max-snippet:-1","max-image-preview":"max-image-preview:large","max-video-preview":"max-video-preview:-1"},"canonical":"http:\/\/www.simotelfoca.com\/index.php\/surdurulebilirlik-turizm-politikamiz-ilk\/","og_locale":"tr_TR","og_type":"article","og_title":"S\u00fcrd\u00fcr\u00fclebilirlik - SIM OTEL","og_description":"B\u0130Z\u0130M S\u00d6Z\u00dcM\u00dcZ S\u0130M OTEL olarak Yenifo\u00e7a\u2019n\u0131n miras\u0131n\u0131 korumaya ve b\u00f6lgemizde olumlu bir etki yaratmaya kararl\u0131y\u0131z. Bu felsefe \u00e7evresinde otelimizde uygulad\u0131\u011f\u0131m\u0131z s\u00fcrd\u00fcr\u00fclebilirlik giri\u015fimlerimizden baz\u0131lar\u0131n\u0131 sizlerle payla\u015fmaktan mutluluk duyuyoruz. \u00c7EVRE PROGRAMLARI ENERJ\u0130, KARBON VE SU AZALTIMI ATIK AZALTIMI S\u00dcRD\u00dcR\u00dcLEB\u0130L\u0130R Y\u0130YECEK VE \u0130\u00c7ECEK YEREL\u0130 DESTEKLEME Yerel giri\u015fimcileri destekliyoruz. Otelimize gelen m\u00fc\u015fterilerimizi beldemizde bulunan kad\u0131nlar\u0131m\u0131z\u0131n el eme\u011fi \u00fcr\u00fcnlerini satt\u0131\u011f\u0131 [&hellip;]","og_url":"http:\/\/www.simotelfoca.com\/index.php\/surdurulebilirlik-turizm-politikamiz-ilk\/","og_site_name":"SIM OTEL","article_modified_time":"2026-04-20T11:41:15+00:00","og_image":[{"url":"http:\/\/www.simotelfoca.com\/wp-content\/uploads\/2024\/01\/Picture1.jpg"}],"twitter_card":"summary_large_image","twitter_misc":{"Tahmini okuma s\u00fcresi":"10 dakika"},"schema":{"@context":"https:\/\/schema.org","@graph":[{"@type":"WebPage","@id":"http:\/\/www.simotelfoca.com\/index.php\/surdurulebilirlik-turizm-politikamiz-ilk\/","url":"http:\/\/www.simotelfoca.com\/index.php\/surdurulebilirlik-turizm-politikamiz-ilk\/","name":"S\u00fcrd\u00fcr\u00fclebilirlik - SIM OTEL","isPartOf":{"@id":"http:\/\/www.simotelfoca.com\/#website"},"datePublished":"2024-01-16T10:54:13+00:00","dateModified":"2026-04-20T11:41:15+00:00","breadcrumb":{"@id":"http:\/\/www.simotelfoca.com\/index.php\/surdurulebilirlik-turizm-politikamiz-ilk\/#breadcrumb"},"inLanguage":"tr","potentialAction":[{"@type":"ReadAction","target":["http:\/\/www.simotelfoca.com\/index.php\/surdurulebilirlik-turizm-politikamiz-ilk\/"]}]},{"@type":"BreadcrumbList","@id":"http:\/\/www.simotelfoca.com\/index.php\/surdurulebilirlik-turizm-politikamiz-ilk\/#breadcrumb","itemListElement":[{"@type":"ListItem","position":1,"name":"Anasayfa","item":"http:\/\/www.simotelfoca.com\/"},{"@type":"ListItem","position":2,"name":"S\u00fcrd\u00fcr\u00fclebilirlik"}]},{"@type":"WebSite","@id":"http:\/\/www.simotelfoca.com\/#website","url":"http:\/\/www.simotelfoca.com\/","name":"SIM BUT\u0130K OTEL","description":"SIM Otel Foca","publisher":{"@id":"http:\/\/www.simotelfoca.com\/#organization"},"potentialAction":[{"@type":"SearchAction","target":{"@type":"EntryPoint","urlTemplate":"http:\/\/www.simotelfoca.com\/?s={search_term_string}"},"query-input":"required name=search_term_string"}],"inLanguage":"tr"},{"@type":"Organization","@id":"http:\/\/www.simotelfoca.com\/#organization","name":"SIM BUT\u0130K OTEL","url":"http:\/\/www.simotelfoca.com\/","logo":{"@type":"ImageObject","inLanguage":"tr","@id":"http:\/\/www.simotelfoca.com\/#\/schema\/logo\/image\/","url":"http:\/\/www.simotelfoca.com\/wp-content\/uploads\/2023\/01\/cropped-sim_butikotel_logo-01.png","contentUrl":"http:\/\/www.simotelfoca.com\/wp-content\/uploads\/2023\/01\/cropped-sim_butikotel_logo-01.png","width":512,"height":512,"caption":"SIM BUT\u0130K OTEL"},"image":{"@id":"http:\/\/www.simotelfoca.com\/#\/schema\/logo\/image\/"}}]}},"_links":{"self":[{"href":"http:\/\/www.simotelfoca.com\/index.php\/wp-json\/wp\/v2\/pages\/1707"}],"collection":[{"href":"http:\/\/www.simotelfoca.com\/index.php\/wp-json\/wp\/v2\/pages"}],"about":[{"href":"http:\/\/www.simotelfoca.com\/index.php\/wp-json\/wp\/v2\/types\/page"}],"author":[{"embeddable":true,"href":"http:\/\/www.simotelfoca.com\/index.php\/wp-json\/wp\/v2\/users\/1"}],"replies":[{"embeddable":true,"href":"http:\/\/www.simotelfoca.com\/index.php\/wp-json\/wp\/v2\/comments?post=1707"}],"version-history":[{"count":15,"href":"http:\/\/www.simotelfoca.com\/index.php\/wp-json\/wp\/v2\/pages\/1707\/revisions"}],"predecessor-version":[{"id":1757,"href":"http:\/\/www.simotelfoca.com\/index.php\/wp-json\/wp\/v2\/pages\/1707\/revisions\/1757"}],"wp:attachment":[{"href":"http:\/\/www.simotelfoca.com\/index.php\/wp-json\/wp\/v2\/media?parent=1707"}],"curies":[{"name":"wp","href":"https:\/\/api.w.org\/{rel}","templated":true}]}}